
{"id":9195,"date":"2020-11-27T10:26:45","date_gmt":"2020-11-27T10:26:45","guid":{"rendered":"https:\/\/justiceandpeace.nl\/?page_id=9195"},"modified":"2023-11-24T10:04:36","modified_gmt":"2023-11-24T10:04:36","slug":"women-human-rights-defenders-day-stories","status":"publish","type":"page","link":"https:\/\/justiceandpeace.nl\/en\/women-human-rights-defenders-day-stories\/","title":{"rendered":"Women Human Rights Defenders Day"},"content":{"rendered":"\n<section class=\"o-block-row o-wrapper u-padding-vertical-large o-content split_content alignfull\" id=\"split-content-block_1bde99364d622320651502a1c7bdf69e\">\n\n  <div class=\"o-layout \">\n\n\n    \n      <div class=\"o-layout__item o-content u-1\/1 u-2\/3@tablet\">\n        \n        <div >\n          <p><em>November 29 is International Women Human Rights Defenders Day. On this day, we pay tribute to courageous women from all over the world, who are at the forefront of the collective struggle for the protection and advancement of human rights. To celebrate the work of women human rights defenders, we are offering you a collection of stories of six incredible women and change makers. <\/em><\/p>\n<h3>Let&#8217;s celebrate and support women human rights defenders each and every day.<\/h3>\n        <\/div>\n\n        \n      <\/div>\n\n    \n    \n      <div class=\"o-layout__item o-content u-1\/1 u-1\/3@tablet\">\n\n        <div >\n                  <\/div>\n\n        \n      <\/div>\n\n    \n  <\/div>\n\n<\/section>\n\n\n\n<section class=\"o-block-row o-wrapper u-padding-vertical-large o-content split_content alignfull\" id=\"split-content-block_6047badae6e00283eafde15640943345\">\n\n  <div class=\"o-layout \">\n\n\n    \n      <div class=\"o-layout__item o-content u-1\/1 u-1\/2@tablet\">\n        \n        <div >\n          <img loading=\"lazy\" decoding=\"async\" class=\"alignnone size-thumbnail wp-image-9209\" src=\"https:\/\/justiceandpeace.nl\/wp-content\/uploads\/2020\/11\/Dsncb_WWoAIhOU3-750x500.jpg\" alt=\"\" width=\"750\" height=\"500\" srcset=\"https:\/\/justiceandpeace.nl\/wp-content\/uploads\/2020\/11\/Dsncb_WWoAIhOU3-750x500.jpg 750w, https:\/\/justiceandpeace.nl\/wp-content\/uploads\/2020\/11\/Dsncb_WWoAIhOU3-1200x799.jpg 1200w, https:\/\/justiceandpeace.nl\/wp-content\/uploads\/2020\/11\/Dsncb_WWoAIhOU3-1440x959.jpg 1440w, https:\/\/justiceandpeace.nl\/wp-content\/uploads\/2020\/11\/Dsncb_WWoAIhOU3-768x512.jpg 768w, https:\/\/justiceandpeace.nl\/wp-content\/uploads\/2020\/11\/Dsncb_WWoAIhOU3-1536x1023.jpg 1536w, https:\/\/justiceandpeace.nl\/wp-content\/uploads\/2020\/11\/Dsncb_WWoAIhOU3.jpg 2048w\" sizes=\"auto, (max-width: 750px) 100vw, 750px\" \/>\n        <\/div>\n\n        \n      <\/div>\n\n    \n    \n      <div class=\"o-layout__item o-content u-1\/1 u-1\/2@tablet\">\n\n        <div >\n          <h2>Kiruba, fighting caste cruelties in India<\/h2>\n<p>Kiruba Munusamy is the first Dalit woman lawyer from her state of Tamil Nadu to practice law at the Indian Supreme Court.<\/p>\n<blockquote><p><em>&#8216;The constitution says that equality prevails. Social laws say that inequality and the caste system prevail. The way courts deal with honour killing is a good example that something\u2019s off here. That\u2019s why we need to change the social laws.&#8217;<\/em><\/p><\/blockquote>\n        <\/div>\n\n                  <a href=\"https:\/\/justiceandpeace.nl\/en\/stories\/kiruba\/\" target=\"_blank\" class=\"c-btn c-btn--primary\">Read Kiruba&#039;s change maker story here<\/a>\n        \n      <\/div>\n\n    \n  <\/div>\n\n<\/section>\n\n\n\n<section class=\"o-block-row o-wrapper u-padding-vertical-large o-content split_content alignfull\" id=\"split-content-block_ed0f0a8c83ac813731e4a4ef53034172\">\n\n  <div class=\"o-layout \">\n\n\n    \n      <div class=\"o-layout__item o-content u-1\/1 u-1\/2@tablet\">\n        \n        <div >\n          <h2><strong>Louisa<\/strong>, challenging gender-based violene in Nigeria<\/h2>\n<p>Louisa Ono Eikhomun is a women&#8217;s rights defender from Nigeria, who dedicates her work to ending violence against women.<\/p>\n<blockquote><p>\u201cThis challenge of women in conflict kept coming up, and I knew that I couldn\u2019t run away from it. When the home becomes a danger zone, it\u2019s as bad as being in armed conflict.\u201d<\/p><\/blockquote>\n        <\/div>\n\n                  <a href=\"https:\/\/justiceandpeace.nl\/en\/stories\/louisa-challenging-gender-based-violence-in-nigeria\/\" target=\"_blank\" class=\"c-btn c-btn--primary\">Read Louisa&#039;s change maker story here<\/a>\n        \n      <\/div>\n\n    \n    \n      <div class=\"o-layout__item o-content u-1\/1 u-1\/2@tablet\">\n\n        <div >\n          <img loading=\"lazy\" decoding=\"async\" class=\"alignnone size-thumbnail wp-image-9315\" src=\"https:\/\/justiceandpeace.nl\/wp-content\/uploads\/2020\/11\/1-750x500.png\" alt=\"\" width=\"750\" height=\"500\" srcset=\"https:\/\/justiceandpeace.nl\/wp-content\/uploads\/2020\/11\/1-750x500.png 750w, https:\/\/justiceandpeace.nl\/wp-content\/uploads\/2020\/11\/1-1200x799.png 1200w, https:\/\/justiceandpeace.nl\/wp-content\/uploads\/2020\/11\/1-1440x959.png 1440w, https:\/\/justiceandpeace.nl\/wp-content\/uploads\/2020\/11\/1-768x512.png 768w, https:\/\/justiceandpeace.nl\/wp-content\/uploads\/2020\/11\/1-1536x1023.png 1536w, https:\/\/justiceandpeace.nl\/wp-content\/uploads\/2020\/11\/1.png 2048w\" sizes=\"auto, (max-width: 750px) 100vw, 750px\" \/>\n        <\/div>\n\n        \n      <\/div>\n\n    \n  <\/div>\n\n<\/section>\n\n\n\n<section class=\"o-block-row o-wrapper u-padding-vertical-large o-content split_content alignfull\" id=\"split-content-block_f58ee26eb1c0f1af97b244d4aca114cb\">\n\n  <div class=\"o-layout \">\n\n\n    \n      <div class=\"o-layout__item o-content u-1\/1 u-1\/2@tablet\">\n        \n        <div >\n          <img loading=\"lazy\" decoding=\"async\" class=\"alignnone size-thumbnail wp-image-9321\" src=\"https:\/\/justiceandpeace.nl\/wp-content\/uploads\/2020\/11\/2-750x500.png\" alt=\"\" width=\"750\" height=\"500\" srcset=\"https:\/\/justiceandpeace.nl\/wp-content\/uploads\/2020\/11\/2-750x500.png 750w, https:\/\/justiceandpeace.nl\/wp-content\/uploads\/2020\/11\/2-1200x799.png 1200w, https:\/\/justiceandpeace.nl\/wp-content\/uploads\/2020\/11\/2-1440x959.png 1440w, https:\/\/justiceandpeace.nl\/wp-content\/uploads\/2020\/11\/2-768x512.png 768w, https:\/\/justiceandpeace.nl\/wp-content\/uploads\/2020\/11\/2-1536x1023.png 1536w, https:\/\/justiceandpeace.nl\/wp-content\/uploads\/2020\/11\/2.png 2048w\" sizes=\"auto, (max-width: 750px) 100vw, 750px\" \/>\n        <\/div>\n\n        \n      <\/div>\n\n    \n    \n      <div class=\"o-layout__item o-content u-1\/1 u-1\/2@tablet\">\n\n        <div >\n          <h2>Graciela and Luc\u00eda, inciting systemic change for missing persons in Mexico<\/h2>\n<p>Graciela P\u00e9rez Rodriguez (left) and Luc\u00eda D\u00edaz (right) dedicate their lives to searching for the missing loved ones of family members and to fixing a flawed investigative system for disappeared persons in Mexico.<\/p>\n<blockquote><p>&#8216;I realised that nobody is going to look for them, so we need to do it ourselves.&#8217;<\/p><\/blockquote>\n        <\/div>\n\n                  <a href=\"https:\/\/justiceandpeace.nl\/en\/stories\/graciela-and-lucia\/\" target=\"_blank\" class=\"c-btn c-btn--primary\">Read Graciela and Luc\u00eda&#039;s story here<\/a>\n        \n      <\/div>\n\n    \n  <\/div>\n\n<\/section>\n\n\n\n<section class=\"o-block-row o-wrapper u-padding-vertical-large o-content split_content alignfull\" id=\"split-content-block_b2fb1943879b3259bc4b1f8d210ce95b\">\n\n  <div class=\"o-layout \">\n\n\n    \n      <div class=\"o-layout__item o-content u-1\/1 u-1\/2@tablet\">\n        \n        <div >\n          <h2><b>G\u00e9nesis<\/b>, standing up for justice in Venezuela<\/h2>\n<p>G\u00e9nesis D\u00e1vila is a human rights lawyer from Venezuela and founder for Defend Venezuela.<\/p>\n<blockquote><p>&#8216;The mission of Defend Venezuela is to bring justice to the victims of human rights violations in Venezuela and to denounce these violations before the international protection organizations. We bring the cases before the United Nations, the International Criminal Court, the Inter-American Commission of Human Rights.&#8217;<\/p><\/blockquote>\n        <\/div>\n\n                  <a href=\"https:\/\/justiceandpeace.nl\/en\/stories\/genesis\/\" target=\"_blank\" class=\"c-btn c-btn--primary\">Watch a documentary about G\u00e9nesis here<\/a>\n        \n      <\/div>\n\n    \n    \n      <div class=\"o-layout__item o-content u-1\/1 u-1\/2@tablet\">\n\n        <div >\n          <img loading=\"lazy\" decoding=\"async\" class=\"alignnone size-thumbnail wp-image-9274\" src=\"https:\/\/justiceandpeace.nl\/wp-content\/uploads\/2020\/11\/Genesis-750x500.jpg\" alt=\"\" width=\"750\" height=\"500\" srcset=\"https:\/\/justiceandpeace.nl\/wp-content\/uploads\/2020\/11\/Genesis-750x500.jpg 750w, https:\/\/justiceandpeace.nl\/wp-content\/uploads\/2020\/11\/Genesis-1200x800.jpg 1200w, https:\/\/justiceandpeace.nl\/wp-content\/uploads\/2020\/11\/Genesis-1440x960.jpg 1440w, https:\/\/justiceandpeace.nl\/wp-content\/uploads\/2020\/11\/Genesis-768x512.jpg 768w, https:\/\/justiceandpeace.nl\/wp-content\/uploads\/2020\/11\/Genesis-1536x1024.jpg 1536w, https:\/\/justiceandpeace.nl\/wp-content\/uploads\/2020\/11\/Genesis-2048x1365.jpg 2048w\" sizes=\"auto, (max-width: 750px) 100vw, 750px\" \/>\n        <\/div>\n\n        \n      <\/div>\n\n    \n  <\/div>\n\n<\/section>\n\n\n\n<section class=\"o-block-row o-wrapper u-padding-vertical-large o-content split_content alignfull\" id=\"split-content-block_01bd98dbbc2c273034b7278771ba2696\">\n\n  <div class=\"o-layout \">\n\n\n    \n      <div class=\"o-layout__item o-content u-1\/1 u-1\/2@tablet\">\n        \n        <div >\n          <img loading=\"lazy\" decoding=\"async\" class=\"alignnone size-thumbnail wp-image-9323\" src=\"https:\/\/justiceandpeace.nl\/wp-content\/uploads\/2020\/11\/3-750x500.png\" alt=\"\" width=\"750\" height=\"500\" srcset=\"https:\/\/justiceandpeace.nl\/wp-content\/uploads\/2020\/11\/3-750x500.png 750w, https:\/\/justiceandpeace.nl\/wp-content\/uploads\/2020\/11\/3-1200x799.png 1200w, https:\/\/justiceandpeace.nl\/wp-content\/uploads\/2020\/11\/3-1440x959.png 1440w, https:\/\/justiceandpeace.nl\/wp-content\/uploads\/2020\/11\/3-768x512.png 768w, https:\/\/justiceandpeace.nl\/wp-content\/uploads\/2020\/11\/3-1536x1023.png 1536w, https:\/\/justiceandpeace.nl\/wp-content\/uploads\/2020\/11\/3.png 2048w\" sizes=\"auto, (max-width: 750px) 100vw, 750px\" \/>\n        <\/div>\n\n        \n      <\/div>\n\n    \n    \n      <div class=\"o-layout__item o-content u-1\/1 u-1\/2@tablet\">\n\n        <div >\n          <h2>June, defending her right to stand up for others in Thailand<\/h2>\n<p>Sirikan \u201cJune\u201d Charoensiri is a human rights lawyer from Thailand.<\/p>\n<blockquote><p>&#8216;I\u2019m perplexed when people tell me I should be glad that I\u2019m just being charged instead of \u2018disappearing.\u2019 They say it\u2019s a sign that things are improving. But you cannot compare evil things with evil things. We shouldn\u2019t falsely ameliorate something that hasn\u2019t yet improved.&#8217;<\/p><\/blockquote>\n        <\/div>\n\n                  <a href=\"https:\/\/justiceandpeace.nl\/en\/stories\/june\/\" target=\"_blank\" class=\"c-btn c-btn--primary\">Read June&#039;s change maker story here<\/a>\n        \n      <\/div>\n\n    \n  <\/div>\n\n<\/section>\n","protected":false},"excerpt":{"rendered":"","protected":false},"author":12,"featured_media":0,"parent":0,"menu_order":0,"comment_status":"closed","ping_status":"closed","template":"","meta":{"_acf_changed":false,"footnotes":""},"class_list":["post-9195","page","type-page","status-publish","hentry"],"acf":[],"yoast_head":"<!-- This site is optimized with the Yoast SEO plugin v27.4 - https:\/\/yoast.com\/product\/yoast-seo-wordpress\/ -->\n<title>Women human rights defenders - Change maker stories<\/title>\n<meta name=\"description\" content=\"On Women Human Rights Defenders Day, we pay tribute to the women at the forefront of the collective struggle for the advancement of human rights.\" \/>\n<meta name=\"robots\" content=\"index, follow, max-snippet:-1, max-image-preview:large, max-video-preview:-1\" \/>\n<link rel=\"canonical\" href=\"https:\/\/justiceandpeace.nl\/en\/women-human-rights-defenders-day-stories\/\" \/>\n<meta property=\"og:locale\" content=\"en_US\" \/>\n<meta property=\"og:type\" content=\"article\" \/>\n<meta property=\"og:title\" content=\"Change makers stories of inspiring women human rights defenders\" \/>\n<meta property=\"og:description\" content=\"On Women Human Rights Defenders Day, we pay tribute to the women at the forefront of the collective struggle for the advancement of human rights.\" \/>\n<meta property=\"og:url\" content=\"https:\/\/justiceandpeace.nl\/en\/women-human-rights-defenders-day-stories\/\" \/>\n<meta property=\"og:site_name\" content=\"Justice &amp; Peace Netherlands\" \/>\n<meta property=\"article:publisher\" content=\"https:\/\/www.facebook.com\/JusticeandPeaceNL\/\" \/>\n<meta property=\"article:modified_time\" content=\"2023-11-24T10:04:36+00:00\" \/>\n<meta property=\"og:image\" content=\"https:\/\/justiceandpeace.nl\/wp-content\/uploads\/2020\/11\/Shelter-City-Netherlands_-1.jpg\" \/>\n\t<meta property=\"og:image:width\" content=\"1980\" \/>\n\t<meta property=\"og:image:height\" content=\"950\" \/>\n\t<meta property=\"og:image:type\" content=\"image\/jpeg\" \/>\n<meta name=\"twitter:card\" content=\"summary_large_image\" \/>\n<meta name=\"twitter:title\" content=\"Change makers stories of inspiring women human rights defenders\" \/>\n<meta name=\"twitter:description\" content=\"On Women Human Rights Defenders Day, we pay tribute to the women at the forefront of the collective struggle for the advancement of human rights.\" \/>\n<meta name=\"twitter:image\" content=\"https:\/\/justiceandpeace.nl\/wp-content\/uploads\/2020\/11\/Shelter-City-Netherlands_-1.jpg\" \/>\n<script type=\"application\/ld+json\" class=\"yoast-schema-graph\">{\"@context\":\"https:\\\/\\\/schema.org\",\"@graph\":[{\"@type\":\"WebPage\",\"@id\":\"https:\\\/\\\/justiceandpeace.nl\\\/en\\\/women-human-rights-defenders-day-stories\\\/\",\"url\":\"https:\\\/\\\/justiceandpeace.nl\\\/en\\\/women-human-rights-defenders-day-stories\\\/\",\"name\":\"Women human rights defenders - Change maker stories\",\"isPartOf\":{\"@id\":\"https:\\\/\\\/justiceandpeace.nl\\\/en\\\/#website\"},\"datePublished\":\"2020-11-27T10:26:45+00:00\",\"dateModified\":\"2023-11-24T10:04:36+00:00\",\"description\":\"On Women Human Rights Defenders Day, we pay tribute to the women at the forefront of the collective struggle for the advancement of human rights.\",\"breadcrumb\":{\"@id\":\"https:\\\/\\\/justiceandpeace.nl\\\/en\\\/women-human-rights-defenders-day-stories\\\/#breadcrumb\"},\"inLanguage\":\"en-US\",\"potentialAction\":[{\"@type\":\"ReadAction\",\"target\":[\"https:\\\/\\\/justiceandpeace.nl\\\/en\\\/women-human-rights-defenders-day-stories\\\/\"]}]},{\"@type\":\"BreadcrumbList\",\"@id\":\"https:\\\/\\\/justiceandpeace.nl\\\/en\\\/women-human-rights-defenders-day-stories\\\/#breadcrumb\",\"itemListElement\":[{\"@type\":\"ListItem\",\"position\":1,\"name\":\"Home\",\"item\":\"https:\\\/\\\/justiceandpeace.nl\\\/en\\\/\"},{\"@type\":\"ListItem\",\"position\":2,\"name\":\"Women Human Rights Defenders Day\"}]},{\"@type\":\"WebSite\",\"@id\":\"https:\\\/\\\/justiceandpeace.nl\\\/en\\\/#website\",\"url\":\"https:\\\/\\\/justiceandpeace.nl\\\/en\\\/\",\"name\":\"Justice &amp; Peace Netherlands\",\"description\":\"For more then 50 years Justice &amp; Peace Netherlands has been committed to a just and sustainable world.\",\"potentialAction\":[{\"@type\":\"SearchAction\",\"target\":{\"@type\":\"EntryPoint\",\"urlTemplate\":\"https:\\\/\\\/justiceandpeace.nl\\\/en\\\/?s={search_term_string}\"},\"query-input\":{\"@type\":\"PropertyValueSpecification\",\"valueRequired\":true,\"valueName\":\"search_term_string\"}}],\"inLanguage\":\"en-US\"}]}<\/script>\n<!-- \/ Yoast SEO plugin. -->","yoast_head_json":{"title":"Women human rights defenders - Change maker stories","description":"On Women Human Rights Defenders Day, we pay tribute to the women at the forefront of the collective struggle for the advancement of human rights.","robots":{"index":"index","follow":"follow","max-snippet":"max-snippet:-1","max-image-preview":"max-image-preview:large","max-video-preview":"max-video-preview:-1"},"canonical":"https:\/\/justiceandpeace.nl\/en\/women-human-rights-defenders-day-stories\/","og_locale":"en_US","og_type":"article","og_title":"Change makers stories of inspiring women human rights defenders","og_description":"On Women Human Rights Defenders Day, we pay tribute to the women at the forefront of the collective struggle for the advancement of human rights.","og_url":"https:\/\/justiceandpeace.nl\/en\/women-human-rights-defenders-day-stories\/","og_site_name":"Justice &amp; Peace Netherlands","article_publisher":"https:\/\/www.facebook.com\/JusticeandPeaceNL\/","article_modified_time":"2023-11-24T10:04:36+00:00","og_image":[{"width":1980,"height":950,"url":"https:\/\/justiceandpeace.nl\/wp-content\/uploads\/2020\/11\/Shelter-City-Netherlands_-1.jpg","type":"image\/jpeg"}],"twitter_card":"summary_large_image","twitter_title":"Change makers stories of inspiring women human rights defenders","twitter_description":"On Women Human Rights Defenders Day, we pay tribute to the women at the forefront of the collective struggle for the advancement of human rights.","twitter_image":"https:\/\/justiceandpeace.nl\/wp-content\/uploads\/2020\/11\/Shelter-City-Netherlands_-1.jpg","schema":{"@context":"https:\/\/schema.org","@graph":[{"@type":"WebPage","@id":"https:\/\/justiceandpeace.nl\/en\/women-human-rights-defenders-day-stories\/","url":"https:\/\/justiceandpeace.nl\/en\/women-human-rights-defenders-day-stories\/","name":"Women human rights defenders - Change maker stories","isPartOf":{"@id":"https:\/\/justiceandpeace.nl\/en\/#website"},"datePublished":"2020-11-27T10:26:45+00:00","dateModified":"2023-11-24T10:04:36+00:00","description":"On Women Human Rights Defenders Day, we pay tribute to the women at the forefront of the collective struggle for the advancement of human rights.","breadcrumb":{"@id":"https:\/\/justiceandpeace.nl\/en\/women-human-rights-defenders-day-stories\/#breadcrumb"},"inLanguage":"en-US","potentialAction":[{"@type":"ReadAction","target":["https:\/\/justiceandpeace.nl\/en\/women-human-rights-defenders-day-stories\/"]}]},{"@type":"BreadcrumbList","@id":"https:\/\/justiceandpeace.nl\/en\/women-human-rights-defenders-day-stories\/#breadcrumb","itemListElement":[{"@type":"ListItem","position":1,"name":"Home","item":"https:\/\/justiceandpeace.nl\/en\/"},{"@type":"ListItem","position":2,"name":"Women Human Rights Defenders Day"}]},{"@type":"WebSite","@id":"https:\/\/justiceandpeace.nl\/en\/#website","url":"https:\/\/justiceandpeace.nl\/en\/","name":"Justice &amp; Peace Netherlands","description":"For more then 50 years Justice &amp; Peace Netherlands has been committed to a just and sustainable world.","potentialAction":[{"@type":"SearchAction","target":{"@type":"EntryPoint","urlTemplate":"https:\/\/justiceandpeace.nl\/en\/?s={search_term_string}"},"query-input":{"@type":"PropertyValueSpecification","valueRequired":true,"valueName":"search_term_string"}}],"inLanguage":"en-US"}]}},"_links":{"self":[{"href":"https:\/\/justiceandpeace.nl\/en\/wp-json\/wp\/v2\/pages\/9195","targetHints":{"allow":["GET"]}}],"collection":[{"href":"https:\/\/justiceandpeace.nl\/en\/wp-json\/wp\/v2\/pages"}],"about":[{"href":"https:\/\/justiceandpeace.nl\/en\/wp-json\/wp\/v2\/types\/page"}],"author":[{"embeddable":true,"href":"https:\/\/justiceandpeace.nl\/en\/wp-json\/wp\/v2\/users\/12"}],"replies":[{"embeddable":true,"href":"https:\/\/justiceandpeace.nl\/en\/wp-json\/wp\/v2\/comments?post=9195"}],"version-history":[{"count":113,"href":"https:\/\/justiceandpeace.nl\/en\/wp-json\/wp\/v2\/pages\/9195\/revisions"}],"predecessor-version":[{"id":22519,"href":"https:\/\/justiceandpeace.nl\/en\/wp-json\/wp\/v2\/pages\/9195\/revisions\/22519"}],"wp:attachment":[{"href":"https:\/\/justiceandpeace.nl\/en\/wp-json\/wp\/v2\/media?parent=9195"}],"curies":[{"name":"wp","href":"https:\/\/api.w.org\/{rel}","templated":true}]}}